{"version":"1.0","provider_name":"Ilda bab\u00e1i","provider_url":"https:\/\/ilda.cafeblog.hu","author_name":"Ilda","author_url":"https:\/\/ilda.cafeblog.hu\/author\/ilda\/","title":"Oviman\u00f3","html":"<p style=\"text-align: justify\"><span style=\"color: #800000\">Tavaly hagyom\u00e1nyt teremtettem, D\u00f6me egy fi\u00fa \u00e9s egy l\u00e1ny man\u00f3t vitt az oviba az els\u0151 nap. Egyr\u00e9szt, neki is biztons\u00e1got ny\u00fajt, ha ismer\u0151s \"arcok\" veszik k\u00f6r\u00fcl, m\u00e1sr\u00e9szt az ovis csoport is \u00f6r\u00fcl egy-egy ilyen kedves bab\u00e1nak. Pl\u00e1ne kett\u0151nek! :)<\/span><\/p>\r\n<p style=\"text-align: justify\"><span style=\"color: #800000\">Id\u00e9n Bercit k\u00eds\u00e9rik man\u00f3k az els\u0151 napon.<\/span><\/p>\r\n<p style=\"text-align: justify\"><span style=\"color: #800000\">A fi\u00fa man\u00f3 most lett k\u00e9sz, \u00e9s valamelyik polcon ragadt l\u00e1ny man\u00f3 fog hozz\u00e1 csatlakozni :)<\/span><\/p>\r\n<p style=\"text-align: justify\"><a href=\"https:\/\/ilda.cafeblog.hu\/files\/2013\/08\/IMG_1879-.jpg\"><img class=\"aligncenter size-large wp-image-5397474\" alt=\"IMG_1879\" src=\"https:\/\/ilda.cafeblog.hu\/files\/2013\/08\/IMG_1879--450x600.jpg\" width=\"450\" height=\"600\" \/><\/a><\/p>","type":"rich"}